{"id":7932,"date":"2022-05-19T13:48:31","date_gmt":"2022-05-19T13:48:31","guid":{"rendered":"https:\/\/fahrmit.be\/?page_id=7932"},"modified":"2026-04-27T12:14:16","modified_gmt":"2026-04-27T12:14:16","slug":"entreprises","status":"publish","type":"page","link":"https:\/\/fahrmit.be\/fr\/solutions-de-mobilite\/entreprises\/","title":{"rendered":"Entreprises"},"content":{"rendered":"<div class=\"wpb-content-wrapper\"><p>[vc_row][vc_column][vc_column_text css=\u00a0\u00bb\u00a0\u00bb]<\/p>\n<h1 class=\"text-[42px] font-medium md:text-[56px] lg:text-[42px] 2xl:text-[56px] !leading-[1.05] text-blue-3 mt-4 md:mt-12 lg:text-white [&amp;&gt;span]:text-green lg:max-w-[405px] xl:max-w-[505px] line-clamp-5\">Budget Mobilit\u00e9 et alternatives \u00e0 la voiture de soci\u00e9t\u00e9<\/h1>\n<p class=\"mb-4\">@Akt for Wallonia (ex UWE) &#8211; avril 2026<\/p>\n<p class=\"mb-4\">Le Budget Mobilit\u00e9 permet \u00e9galement d&rsquo;\u00e9changer sa voiture de soci\u00e9t\u00e9 sans n\u00e9cessairement y renoncer compl\u00e8tement. Dans ce cas, le travailleur s\u2019engage \u00e0 opter pour un v\u00e9hicule moins co\u00fbteux et plus \u00e9cologique et \u00e0 utiliser le reste de son budget de la fa\u00e7on la plus pertinente possible, avec des solutions de mobilit\u00e9 alternatives. Le calcul du montant total du Budget Mobilit\u00e9 sera bas\u00e9 sur le co\u00fbt total annuel \u00e0 charge de l&#8217;employeur (financement de la voiture de soci\u00e9t\u00e9, carburant, taxe, assurance, entretiens..) Ainsi, si le syst\u00e8me est mis en place par l&#8217;employeur et accept\u00e9 par l&#8217;employ\u00e9, trois options sont possibles \u00e0 travers les trois piliers suivants :<\/p>\n<ul class=\"wp-block-list list-disc mb-2 mt-2 list-inside pl-4 [li&gt;&amp;]:ml-4 [li&gt;&amp;]:mt-1\">\n<li>Pilier 1 : opter pour une voiture de soci\u00e9t\u00e9 moins polluante : Dans ce cas, le traitement fiscal reste identique \u00e0 la voiture de soci\u00e9t\u00e9. Depuis 2026, il s&rsquo;agit d&rsquo;un v\u00e9hicule z\u00e9ro \u00e9mission (\u00e9lectrique).<\/li>\n<\/ul>\n<ul class=\"wp-block-list list-disc mb-2 mt-2 list-inside pl-4 [li&gt;&amp;]:ml-4 [li&gt;&amp;]:mt-1\">\n<li>Pilier 2 : opter pour des moyens de transports plus durables : un v\u00e9lo ; une motocyclette \u00e9lectrique ; des transports en commun ; \u2026 Les travailleurs habitant dans un rayon de 10 km autour de leur lieu de travail peuvent \u00e9galement financer leur loyer ou les int\u00e9r\u00eats de leur emprunt hypoth\u00e9caire au moyen du budget mobilit\u00e9. Afin d&rsquo;encourager leur utilisation, les montants utilis\u00e9s par ce pilier sont alors compl\u00e8tement exon\u00e9r\u00e9s de charges sociales et d&rsquo;imp\u00f4ts.<\/li>\n<\/ul>\n<ul class=\"wp-block-list list-disc mb-2 mt-2 list-inside pl-4 [li&gt;&amp;]:ml-4 [li&gt;&amp;]:mt-1\">\n<li>Pilier 3 : le montant du budget qui n\u2019a pas \u00e9t\u00e9\u00a0d\u00e9pens\u00e9 par le travailleur est alors\u00a0converti en cash en fin d&rsquo;ann\u00e9e.\u00a0Ce montant cash est soumis \u00e0 une cotisation sp\u00e9ciale de 38,07% due par le travailleur.<\/li>\n<\/ul>\n<p>Infos compl\u00e8tes : https:\/\/www.mobilite-entreprise.be\/mobilite-de-votre-entreprise\/modestransport\/voiture-de-societe-autrement\/<\/p>\n<h1 class=\"text-[42px] font-medium md:text-[56px] lg:text-[42px] 2xl:text-[56px] !leading-[1.05] text-blue-3 mt-4 md:mt-12 lg:text-white [&amp;&gt;span]:text-green lg:max-w-[405px] xl:max-w-[505px] line-clamp-5\">Budget Mobilit\u00e9 obligatoire : votre entreprise concern\u00e9e et \u00e0 quelle \u00e9ch\u00e9ance ?<\/h1>\n<p>@Akt for Wallonia (ex UWE) &#8211; avril 2026<\/p>\n<p>Le Budget Mobilit\u00e9 n\u2019est possible que si des\u00a0<strong>voitures de soci\u00e9t\u00e9 sont propos\u00e9es depuis au moins 36 mois<\/strong> au sein de l\u2019entreprise.<\/p>\n<p>L\u2019id\u00e9e est d\u2019<strong>allouer le budget pr\u00e9vu pour la voiture de soci\u00e9t\u00e9 de mani\u00e8re plus flexible<\/strong>.<\/p>\n<div class=\"mb-10 wp-block-heading mb-6 mt-12 !font-normal\">\n<h2 class=\"no-break !mb-0\">Besoin d\u2019aide\u00a0?<\/h2>\n<\/div>\n<ul class=\"wp-block-list list-disc mb-2 mt-2 list-inside pl-4 [li&gt;&amp;]:ml-4 [li&gt;&amp;]:mt-1\">\n<li>Service Mobility Budget Experts de Akt for Wallonia : <a href=\"https:\/\/www.mbe.be\/\">https:\/\/www.mbe.be\/<\/a><\/li>\n<li>Comparatif des op\u00e9rateurs B2B de multimodalit\u00e9 pour g\u00e9rer son budget mobilit\u00e9 (il sera bient\u00f4t mis \u00e0 jour) :\u00a0<a href=\"https:\/\/www.mobilite-entreprise.be\/apps-et-cartes-en-reponse-au-casse-tete-de-la-multimodalite-en-entreprise\/\">https:\/\/www.mobilite-entreprise.be\/apps-et-cartes-en-reponse-au-casse-tete-de-la-multimodalite-en-entreprise\/<\/a><\/li>\n<li>Fiche budget mobilit\u00e9\u00a0:\u00a0<a href=\"https:\/\/www.mobilite-entreprise.be\/mobilite-de-votre-entreprise\/modestransport\/voiture-de-societe-autrement\/\">https:\/\/www.mobilite-entreprise.be\/mobilite-de-votre-entreprise\/modestransport\/voiture-de-societe-autrement\/<\/a><\/li>\n<\/ul>\n<p>Infos compl\u00e8tes : https:\/\/www.mobilite-entreprise.be\/budget-mobilite-obligatoire-votre-entreprise-concernee-et-a-quelle-echeance\/[\/vc_column_text][\/vc_column][\/vc_row][vc_row][vc_column][vc_empty_space height=\u00a0\u00bb100px\u00a0\u00bb][\/vc_column][\/vc_row][vc_row][vc_column][vc_column_text css=\u00a0\u00bb\u00a0\u00bb]<\/p>\n<p data-start=\"0\" data-end=\"133\">L\u2019asbl <strong data-start=\"21\" data-end=\"33\">Fahr mit<\/strong> propose un accompagnement pour le d\u00e9veloppement de divers projets de mobilit\u00e9 :<\/p>\n<ul>\n<li data-start=\"136\" data-end=\"299\"><strong data-start=\"136\" data-end=\"160\">Pour les communes : <\/strong>mise en place de parkings de covoiturage, voitures de village, infrastructures de parkings s\u00e9culris\u00e9s pour les v\u00e9los, action de sensibilisation aux employ\u00e9s communaux, tels que petit d\u00e9jeuner de la mobilit\u00e9, testing v\u00e9los \/ v\u00e9los cargos et v\u00e9los longtails&#8230;<\/li>\n<li data-start=\"300\" data-end=\"419\">\n<p data-start=\"302\" data-end=\"419\"><strong data-start=\"302\" data-end=\"359\">Pour les associations, comit\u00e9s de parents, clubs sportifs, groupes de s\u00e9niors : <\/strong><span data-start=\"302\" data-end=\"359\">Apr\u00e8s midi de testing v\u00e9los dont des v\u00e9los familiaux et v\u00e9los pour enfants, formation au code de la route du cycliste, sortie en groupe pour se sentir plus s\u00fbr dans la circulation, lecture de cartes de promenades \u00e0 pied et \u00e0 v\u00e9lo, atelier pour s&rsquo;y retrouver des les tarifs et les horaires des bus et trains&#8230;.<\/span><\/p>\n<\/li>\n<li data-start=\"300\" data-end=\"419\">\n<p data-start=\"302\" data-end=\"419\"><strong data-start=\"422\" data-end=\"450\">Pour les particuliers<\/strong> : information au sujet des voitures partag\u00e9es, soir\u00e9e-d\u00e9bat\/r\u00e9flexion sur la cohabitation entre les diff\u00e9rents usagers de la route, information au sujet des transports \u00e0 la demande, taxis sociaux et trajets vers des rendez-vous m\u00e9dicaux, loisirs, coiffeur, faire les courses&#8230;<\/p>\n<\/li>\n<li data-start=\"300\" data-end=\"419\"><strong data-start=\"422\" data-end=\"450\">Pour les entreprises<\/strong> : s\u00e9ances d&rsquo;information au sujet du leasing-v\u00e9lo en entreprise, organisation d&rsquo;une activit\u00e9 \u00e0 v\u00e9lo, accompagnement de mise en contact avec des personnes ressources&#8230;<\/li>\n<\/ul>\n<p data-start=\"488\" data-end=\"580\">Vous avez une question, une id\u00e9e ou un projet en mati\u00e8re de mobilit\u00e9 ? <strong data-start=\"559\" data-end=\"577\">Contactez-nous<\/strong>.<\/p>\n<p>&nbsp;<\/p>\n<p>[\/vc_column_text][\/vc_column][\/vc_row][vc_row][vc_column][\/vc_column][\/vc_row][vc_row][vc_column width=\u00a0\u00bb1\/3&Prime;][\/vc_column][vc_column width=\u00a0\u00bb2\/3&Prime;][vc_column_text css=\u00a0\u00bb\u00a0\u00bb]<strong>Vous souhaitez promouvoir le v\u00e9lo au sein de votre entreprise ?<\/strong><\/p>\n<div class=\"mb-10 wp-block-heading mb-6 mt-12 !font-normal\">\n<h2 class=\"no-break !mb-0\">La solution personnalis\u00e9e pour accompagner les PME dans leur transition vers le v\u00e9lo<\/h2>\n<\/div>\n<p class=\"mb-4\">@Akt for Wallonia &#8211; avril 2026<\/p>\n<p class=\"mb-4\">L&rsquo;accompagnement v\u00e9lo de la Cellule Mobilit\u00e9, habituellement r\u00e9serv\u00e9 aux grandes entreprises, est <strong>exceptionnellement disponible pour les PME<\/strong>\u00a0gr\u00e2ce au soutien du SPF Mobilit\u00e9 et Transports.<br \/>\nSaisissez cette opportunit\u00e9 <strong>uniquement disponible en 2026<\/strong>\u00a0pour 25 PME et mettez toutes les chances de votre c\u00f4t\u00e9 pour encourager les d\u00e9placements \u00e0 v\u00e9lo domicile-travail de vos collaborateurs !<\/p>\n<h4 class=\"no-break !mb-0\">Le v\u00e9lo : des avantages pour toutes les parties<\/h4>\n<p><strong>C\u00f4t\u00e9 employeur<\/strong>, les avantages du v\u00e9lo sont tr\u00e8s nombreux :<\/p>\n<ul>\n<li>R\u00e9ponse aux <strong>parkings\u00a0<\/strong>satur\u00e9s<\/li>\n<li>Meilleure <strong>sant\u00e9\u00a0<\/strong>physique et mentale<strong>\u00a0<\/strong>des travailleurs<\/li>\n<li><strong>Absent\u00e9isme <\/strong>en baisse<\/li>\n<li><strong>Image <\/strong>d&rsquo;une entreprise qui tient compte du bien-\u00eatre de ses \u00e9quipes<\/li>\n<li>R\u00e9pondre aux obligations de r\u00e9duction des \u00e9missions de <strong>CO2\u00a0<\/strong>et d&rsquo;assumer sa\u00a0<strong>responsabilit\u00e9 soci\u00e9tale<\/strong><\/li>\n<li>Argument pour <strong>attirer ou garder du personnel<\/strong>\u00a0dans le contexte compliqu\u00e9 de l&rsquo;actuelle guerre des talents.<\/li>\n<\/ul>\n<p>Les investissements en faveur du v\u00e9lo (installation d&rsquo;un parking, d&rsquo;une douche, mise en place d&rsquo;un leasing v\u00e9lo, etc.) sont par ailleurs fiscalement\u00a0<strong>d\u00e9ductibles \u00e0 100%<\/strong>.<\/p>\n<p><strong>Les employ\u00e9s<\/strong> ne sont pas en reste :<\/p>\n<ul>\n<li>Effets positifs directs sur la sant\u00e9<\/li>\n<li>Arriv\u00e9e plus zen au travail<\/li>\n<\/ul>\n<p>Infos compl\u00e8tes: https:\/\/veloactif.be\/services\/pme-bike-coaching\/[\/vc_column_text][\/vc_column][\/vc_row][vc_row css=\u00a0\u00bb.vc_custom_1538381296199{padding-top: 40px !important;}\u00a0\u00bb][vc_column][vc_separator][\/vc_column][\/vc_row][vc_section][vc_row full_width=\u00a0\u00bbstretch_row\u00a0\u00bb css=\u00a0\u00bb.vc_custom_1533106395501{margin-top: 50px !important;}\u00a0\u00bb][vc_column width=\u00a0\u00bb1\/5&Prime; css=\u00a0\u00bb.vc_custom_1537790135452{padding-top: 50px !important;}\u00a0\u00bb][\/vc_column][vc_column width=\u00a0\u00bb3\/5&Prime;]<div class=\"dt-fancy-separator h3-size accent-title-color accent-border-color\" style=\"width: 100%;\"><div class=\"dt-fancy-title\"><span class=\"separator-holder separator-left\"><\/span>Avec le soutien de<span class=\"separator-holder separator-right\"><\/span><\/div><\/div>[\/vc_column][vc_column width=\u00a0\u00bb1\/5&Prime;][\/vc_column][\/vc_row][vc_row css=\u00a0\u00bb.vc_custom_1532951531627{margin-top: 50px !important;}\u00a0\u00bb][vc_column][vc_row_inner css=\u00a0\u00bb.vc_custom_1739263838297{margin-bottom: 30px !important;}\u00a0\u00bb][vc_column_inner width=\u00a0\u00bb1\/5&Prime;][vc_single_image image=\u00a0\u00bb7266&Prime; img_size=\u00a0\u00bbfull\u00a0\u00bb onclick=\u00a0\u00bbcustom_link\u00a0\u00bb img_link_target=\u00a0\u00bb_blank\u00a0\u00bb css=\u00a0\u00bb\u00a0\u00bb link=\u00a0\u00bbhttps:\/\/leader-ostbelgien.be\/lag-100-doerfer-1-zukunft\/\u00a0\u00bb][\/vc_column_inner][vc_column_inner width=\u00a0\u00bb1\/5&Prime;][vc_single_image image=\u00a0\u00bb7267&Prime; img_size=\u00a0\u00bbfull\u00a0\u00bb onclick=\u00a0\u00bbcustom_link\u00a0\u00bb img_link_target=\u00a0\u00bb_blank\u00a0\u00bb css=\u00a0\u00bb\u00a0\u00bb link=\u00a0\u00bbhttps:\/\/leader-ostbelgien.be\/lag-zwischen-weser-und-goehl\/\u00a0\u00bb][\/vc_column_inner][vc_column_inner width=\u00a0\u00bb1\/5&Prime;][vc_single_image image=\u00a0\u00bb7268&Prime; img_size=\u00a0\u00bbfull\u00a0\u00bb onclick=\u00a0\u00bbcustom_link\u00a0\u00bb img_link_target=\u00a0\u00bb_blank\u00a0\u00bb css=\u00a0\u00bb\u00a0\u00bb link=\u00a0\u00bbhttps:\/\/www.gal-fagnes-hauteambleve.be\/\u00a0\u00bb][\/vc_column_inner][vc_column_inner width=\u00a0\u00bb1\/5&Prime;][vc_single_image image=\u00a0\u00bb7269&Prime; img_size=\u00a0\u00bbfull\u00a0\u00bb css=\u00a0\u00bb\u00a0\u00bb][\/vc_column_inner][vc_column_inner width=\u00a0\u00bb1\/5&Prime;][vc_single_image image=\u00a0\u00bb7270&Prime; img_size=\u00a0\u00bbfull\u00a0\u00bb onclick=\u00a0\u00bbcustom_link\u00a0\u00bb img_link_target=\u00a0\u00bb_blank\u00a0\u00bb css=\u00a0\u00bb\u00a0\u00bb link=\u00a0\u00bbhttps:\/\/www.wallonie.be\/fr\u00a0\u00bb][\/vc_column_inner][\/vc_row_inner][vc_row_inner content_placement=\u00a0\u00bbmiddle\u00a0\u00bb css=\u00a0\u00bb.vc_custom_1739439137431{margin-bottom: 30px !important;}\u00a0\u00bb][vc_column_inner width=\u00a0\u00bb1\/5&Prime;][vc_single_image image=\u00a0\u00bb7271&Prime; img_size=\u00a0\u00bbfull\u00a0\u00bb onclick=\u00a0\u00bbcustom_link\u00a0\u00bb img_link_target=\u00a0\u00bb_blank\u00a0\u00bb css=\u00a0\u00bb\u00a0\u00bb link=\u00a0\u00bbhttps:\/\/miteinander.be\/\u00a0\u00bb][\/vc_column_inner][vc_column_inner width=\u00a0\u00bb1\/5&Prime;][vc_single_image image=\u00a0\u00bb7272&Prime; img_size=\u00a0\u00bbfull\u00a0\u00bb onclick=\u00a0\u00bbcustom_link\u00a0\u00bb img_link_target=\u00a0\u00bb_blank\u00a0\u00bb css=\u00a0\u00bb\u00a0\u00bb link=\u00a0\u00bbhttps:\/\/buergerfonds.be\/\u00a0\u00bb][\/vc_column_inner][vc_column_inner width=\u00a0\u00bb1\/5&Prime;][vc_single_image image=\u00a0\u00bb7273&Prime; img_size=\u00a0\u00bbfull\u00a0\u00bb onclick=\u00a0\u00bbcustom_link\u00a0\u00bb img_link_target=\u00a0\u00bb_blank\u00a0\u00bb css=\u00a0\u00bb\u00a0\u00bb link=\u00a0\u00bbhttps:\/\/clm-ostbelgien.be\/de\/\u00a0\u00bb][\/vc_column_inner][vc_column_inner width=\u00a0\u00bb1\/5&Prime;][vc_single_image image=\u00a0\u00bb7274&Prime; img_size=\u00a0\u00bbfull\u00a0\u00bb onclick=\u00a0\u00bbcustom_link\u00a0\u00bb img_link_target=\u00a0\u00bb_blank\u00a0\u00bb css=\u00a0\u00bb\u00a0\u00bb link=\u00a0\u00bbhttps:\/\/ostbelgienlive.be\/\u00a0\u00bb][\/vc_column_inner][vc_column_inner width=\u00a0\u00bb1\/5&Prime;][vc_column_text css=\u00a0\u00bb\u00a0\u00bb]<\/p>\n<p style=\"text-align: center;\"><strong>Avec le soutien des communes<\/strong><\/p>\n<p>[\/vc_column_text][\/vc_column_inner][\/vc_row_inner][\/vc_column][\/vc_row][\/vc_section]<\/p>\n<\/div>","protected":false},"excerpt":{"rendered":"<p>[vc_row][vc_column][vc_column_text css=\u00a0\u00bb\u00a0\u00bb] Budget Mobilit\u00e9 et alternatives \u00e0 la voiture de soci\u00e9t\u00e9 @Akt for Wallonia (ex UWE) &#8211; avril 2026 Le Budget Mobilit\u00e9 permet \u00e9galement d&rsquo;\u00e9changer sa voiture de soci\u00e9t\u00e9 sans n\u00e9cessairement y renoncer compl\u00e8tement. Dans ce cas, le travailleur s\u2019engage \u00e0 opter pour un v\u00e9hicule moins co\u00fbteux et plus \u00e9cologique et \u00e0 utiliser le reste&hellip;<\/p>\n","protected":false},"author":3,"featured_media":0,"parent":7431,"menu_order":0,"comment_status":"closed","ping_status":"closed","template":"","meta":{"_monsterinsights_skip_tracking":false,"_monsterinsights_sitenote_active":false,"_monsterinsights_sitenote_note":"","_monsterinsights_sitenote_category":0,"footnotes":""},"class_list":["post-7932","page","type-page","status-publish","hentry","description-off"],"_links":{"self":[{"href":"https:\/\/fahrmit.be\/fr\/wp-json\/wp\/v2\/pages\/7932","targetHints":{"allow":["GET"]}}],"collection":[{"href":"https:\/\/fahrmit.be\/fr\/wp-json\/wp\/v2\/pages"}],"about":[{"href":"https:\/\/fahrmit.be\/fr\/wp-json\/wp\/v2\/types\/page"}],"author":[{"embeddable":true,"href":"https:\/\/fahrmit.be\/fr\/wp-json\/wp\/v2\/users\/3"}],"replies":[{"embeddable":true,"href":"https:\/\/fahrmit.be\/fr\/wp-json\/wp\/v2\/comments?post=7932"}],"version-history":[{"count":8,"href":"https:\/\/fahrmit.be\/fr\/wp-json\/wp\/v2\/pages\/7932\/revisions"}],"predecessor-version":[{"id":10882,"href":"https:\/\/fahrmit.be\/fr\/wp-json\/wp\/v2\/pages\/7932\/revisions\/10882"}],"up":[{"embeddable":true,"href":"https:\/\/fahrmit.be\/fr\/wp-json\/wp\/v2\/pages\/7431"}],"wp:attachment":[{"href":"https:\/\/fahrmit.be\/fr\/wp-json\/wp\/v2\/media?parent=7932"}],"curies":[{"name":"wp","href":"https:\/\/api.w.org\/{rel}","templated":true}]}}